{"version":"1.0","provider_name":"Landwirt.com News","provider_url":"https:\/\/www.landwirt.com\/news","author_name":"Praktikantin","author_url":"https:\/\/www.landwirt.com\/news\/author\/praktikantin\/","title":"Der Obstbaumschnitt im Herbst - Landwirt.com News","type":"rich","width":600,"height":338,"html":"<blockquote class=\"wp-embedded-content\" data-secret=\"9tMd9h6Zyb\"><a href=\"https:\/\/www.landwirt.com\/news\/obstbaumschnitt-im-herbst\/\">Der Obstbaumschnitt im Herbst<\/a><\/blockquote><iframe sandbox=\"allow-scripts\" security=\"restricted\" src=\"https:\/\/www.landwirt.com\/news\/obstbaumschnitt-im-herbst\/embed\/#?secret=9tMd9h6Zyb\" width=\"600\" height=\"338\" title=\"&#8222;Der Obstbaumschnitt im Herbst&#8220; &#8212; Landwirt.com News\" data-secret=\"9tMd9h6Zyb\" frameborder=\"0\" marginwidth=\"0\" marginheight=\"0\" scrolling=\"no\" class=\"wp-embedded-content\"><\/iframe><script type=\"text\/javascript\">\n\/* <![CDATA[ *\/\n\/*! This file is auto-generated *\/\n!function(d,l){\"use strict\";l.querySelector&&d.addEventListener&&\"undefined\"!=typeof URL&&(d.wp=d.wp||{},d.wp.receiveEmbedMessage||(d.wp.receiveEmbedMessage=function(e){var t=e.data;if((t||t.secret||t.message||t.value)&&!\/[^a-zA-Z0-9]\/.test(t.secret)){for(var s,r,n,a=l.querySelectorAll('iframe[data-secret=\"'+t.secret+'\"]'),o=l.querySelectorAll('blockquote[data-secret=\"'+t.secret+'\"]'),c=new RegExp(\"^https?:$\",\"i\"),i=0;i<o.length;i++)o[i].style.display=\"none\";for(i=0;i<a.length;i++)s=a[i],e.source===s.contentWindow&&(s.removeAttribute(\"style\"),\"height\"===t.message?(1e3<(r=parseInt(t.value,10))?r=1e3:~~r<200&&(r=200),s.height=r):\"link\"===t.message&&(r=new URL(s.getAttribute(\"src\")),n=new URL(t.value),c.test(n.protocol))&&n.host===r.host&&l.activeElement===s&&(d.top.location.href=t.value))}},d.addEventListener(\"message\",d.wp.receiveEmbedMessage,!1),l.addEventListener(\"DOMContentLoaded\",function(){for(var e,t,s=l.querySelectorAll(\"iframe.wp-embedded-content\"),r=0;r<s.length;r++)(t=(e=s[r]).getAttribute(\"data-secret\"))||(t=Math.random().toString(36).substring(2,12),e.src+=\"#?secret=\"+t,e.setAttribute(\"data-secret\",t)),e.contentWindow.postMessage({message:\"ready\",secret:t},\"*\")},!1)))}(window,document);\n\/\/# sourceURL=https:\/\/www.landwirt.com\/news\/wp-includes\/js\/wp-embed.min.js\n\/* ]]> *\/\n<\/script>\n","thumbnail_url":"https:\/\/www.landwirt.com\/news\/wp-content\/uploads\/2021\/02\/123-2.jpg","thumbnail_width":495,"thumbnail_height":400,"description":"Jeder G\u00e4rtner schneidet die Obstb\u00e4ume anders, hat einen unterschiedlichen Blick auf den Baum. Was unver\u00e4ndert bleibt, sind jedoch die Zeitpunkte zum Schneiden und die Schnittarten sowie die nat\u00fcrliche Konstitution des Obstbaumes selbst. In diesem Beitrag zeigen wir, welche Obstb\u00e4ume im Herbst noch geschnitten werden."}